{"id":2,"date":"2019-08-30T03:48:21","date_gmt":"2019-08-30T03:48:21","guid":{"rendered":"http:\/\/ra-bit.de\/?page_id=2"},"modified":"2025-11-01T21:40:47","modified_gmt":"2025-11-01T21:40:47","slug":"sample-page","status":"publish","type":"page","link":"https:\/\/ra-bit.de\/","title":{"rendered":"KANZLEI  BITTNER"},"content":{"rendered":"\n<p>Mail:  bittner@ra-bit.de.  Telefon  nur nach Anmeldung \u00fcber Email<\/p>\n\n\n\n<p><\/p>\n\n\n\n<p>Kanzleianschrift:  Lochnerstr. 7, 50226 Frechen    <\/p>\n\n\n\n<p>Anmeldung nur per Email: bittner@ra-bit.de.<\/p>\n\n\n\n<p><strong>Herzlich\nWillkommen auf meinen Internet-Seiten!<\/strong><\/p>\n\n\n\n<ul class=\"wp-block-list\">\n<li><strong>Rechtsanwalt und Mediator Ralf\u00a0 Bittner <\/strong><\/li>\n\n\n\n<li><strong>Bachelor of Arts<\/strong><\/li>\n<\/ul>\n\n\n\n<p>Sie haben ein rechtliches Problem? Sie brauchen eine Rechtsberatung? Ich bin auf Gro\u00dfsch\u00e4den spezialisiert als<\/p>\n\n\n\n<ul class=\"wp-block-list\">\n<li><strong>Fachanwalt f\u00fcr Medizinrecht<\/strong><\/li>\n\n\n\n<li><strong>Fachanwalt<\/strong> <strong>f\u00fcr Versicherungsrecht<\/strong><\/li>\n\n\n\n<li><strong>Schwerpunkt Verkehrsrecht<\/strong><\/li>\n\n\n\n<li><strong>Spezialist Verkehrssicherungspflichten<\/strong><\/li>\n\n\n\n<li><strong>Mediation<\/strong><\/li>\n<\/ul>\n\n\n\n<p>mit den Schwerpunkten <strong>Haftungs-, Medizin-, Verkehrs- und Versicherungsrecht. <\/strong> S<strong>chwerpunkt meiner T\u00e4tigkeit liegt ausschlie\u00dflich in der Abwicklung von Gro\u00dfsch\u00e4den. <\/strong> <\/p>\n\n\n\n<p>Als Ihr&nbsp; Interessenvertreter&nbsp; stehe ich&nbsp; mit Rat und Tat gerne zur Verf\u00fcgung. Als Rechtsanwalt kann ich Sie in Ihrer Rechtsangelegenheit beraten oder gerichtlich bzw. au\u00dfergerichtlich vertreten.<\/p>\n\n\n\n<p>Es muss nicht zu einem Rechtsstreit kommen. <strong>Mediationen<\/strong> bieten sich in allen Lebenslagen an. Als <strong>Mediator<\/strong> kann ich Ihnen pers\u00f6nlich <strong>in allen Rechtsgebieten <\/strong>helfen.<\/p>\n\n\n\n<ul class=\"wp-block-list\">\n<li><strong>Was ist Mediation? Ich finde eine L\u00f6sung, die Ihren Interessen entspricht und vereinbare mit Ihnen und Ihrem Partner die Ergebnisse.<\/strong><\/li>\n<\/ul>\n\n\n\n<p>Ich bin f\u00fcr Sie da! Kontaktieren Sie mich ganz unverbindlich per E-Mail, damit&nbsp; ich mich pers\u00f6nlich um Ihren Fall k\u00fcmmern kann. Dabei achte ich darauf, m\u00f6glichst eine au\u00dfergerichtliche L\u00f6sung der Probleme zu finden. Schlie\u00dflich geht es um Ihr Geld und Ihre Zeit.<\/p>\n\n\n\n<h1 class=\"wp-block-heading\"><strong>Vita<\/strong><\/h1>\n\n\n\n<div class=\"wp-block-columns is-layout-flex wp-container-core-columns-is-layout-9d6595d7 wp-block-columns-is-layout-flex\">\n<div class=\"wp-block-column is-layout-flow wp-block-column-is-layout-flow\" style=\"flex-basis:100%\">\n<div class=\"wp-block-group is-vertical is-layout-flex wp-container-core-group-is-layout-8cf370e7 wp-block-group-is-layout-flex\">\n<ul class=\"wp-block-list\">\n<li>01\/1988 Erstzulassung als Rechtsanwalt      <\/li>\n\n\n\n<li>01\/1988 &#8211; 08\/1988 Rechtsanwaltssoziet\u00e4t Dr. Jenni\u00dfen <\/li>\n\n\n\n<li>09\/1988 &#8211; 11\/1991&nbsp;DEVK-Versicherungen  <\/li>\n\n\n\n<li>02\/1991 &#8211; 08\/1992&nbsp;Gothaer K\u00f6ln                                <\/li>\n\n\n\n<li>09\/1992 &#8211; 06\/2012&nbsp;GVV   Kommunalversicherungen      <\/li>\n\n\n\n<li>08\/2011&nbsp;Zulassung als Rechtsanwalt   <\/li>\n\n\n\n<li>06\/2012&nbsp;Abschluss Fachausbildung Mediator  <\/li>\n\n\n\n<li>07\/2012 &#8211; 3\/2018&nbsp;&nbsp;&nbsp;&nbsp;                   Rechtsanw\u00e4lte Buschbell &amp; Coll.    <\/li>\n\n\n\n<li>11\/2014&nbsp;&#8211; 12\/2023                     <strong>Fachanwalt f\u00fcr Verkehrsrecht<\/strong>         <\/li>\n\n\n\n<li>01\/2017 &#8211; 07\/2019                     Rechtsanw\u00e4lte Halm &amp; Collegen           <\/li>\n\n\n\n<li>seit 09\/2014                               <strong>Fachanwalt f\u00fcr Versicherungsrecht<\/strong>    <\/li>\n\n\n\n<li>seit 07\/2016&nbsp;                              <strong>Fachanwalt f\u00fcr Medizinrecht &nbsp;&nbsp;<\/strong>&nbsp;&nbsp;&nbsp; <\/li>\n<\/ul>\n<\/div>\n<\/div>\n<\/div>\n\n\n\n<p><strong>Ver\u00f6ffentlichungen<\/strong><\/p>\n\n\n\n<p class=\"has-medium-font-size\"><strong>Juristische Fachb\u00fccher<\/strong><\/p>\n\n\n\n<p>Mandatstr\u00e4ger und Verwaltungsmitarbeiter unterliegen zahlreichen rechtlichen Bindungen. Es bestehen zivil- und haftungsrechtliche Risiken. Um diese zu minimieren, gibt der dieser Band &#8222;Haftung und Versicherungsschutz in der Kommune -Handbuch f\u00fcr Verwaltungen und kommunale Mandatstr\u00e4ger&#8220; einen \u00dcberblick \u00fcber die Haftung der Kommunen, ihrer hauptamtlichen Bediensteten und ehrenamtlichen Mandatstr\u00e4ger. <\/p>\n\n\n\n<p>Der BGH hat in einem von Rechtsanwalt Bittner vertretenen Fall die Haftung des Ehrenamts versch\u00e4rft. <a href=\"https:\/\/dejure.org\/dienste\/vernetzung\/rechtsprechung?Gericht=BGH&amp;Datum=19.01.2021&amp;Aktenzeichen=VI%20ZR%20188%2F17\">https:\/\/dejure.org\/dienste\/vernetzung\/rechtsprechung?Gericht=BGH&amp;Datum=19.01.2021&amp;Aktenzeichen=VI%20ZR%20188%2F17<\/a><\/p>\n\n\n\n<p>Zur Rechtslage im \u00dcbrigen bietet das Buch eine speziell auf Gemeinden und Kreise zugeschnittene Darstellung des kommunalen Haftungs- und Versicherungsrechts.<\/p>\n\n\n\n<p><a href=\"https:\/\/www.kpv-nrw.de\/kpvdbg\/5\/haftung-und-versicherungsschutz-in-der-kommune-detail.html\">Bittner &#8211; Haftung und Versicherungsschutz in der Kommune &#8211; Handbuch f\u00fcr Verwaltungen und kommunale Mandatstr\u00e4ger<\/a>&nbsp;&nbsp;&nbsp;&nbsp;&nbsp;&nbsp;&nbsp;&nbsp;&nbsp; <\/p>\n\n\n\n<p>1. Auflage, 2010 <\/p>\n\n\n\n<p class=\"has-medium-font-size\"><strong>Juristische\nVer\u00f6ffentlichungen<\/strong><\/p>\n\n\n\n<p><strong>I. Medizinrecht:<\/strong><\/p>\n\n\n\n<ul class=\"wp-block-list\">\n<li>Haftungsfragen rundum die Telemedizin im Krankenhaus und beim \u00e4rztlichen Behandler, Stand 9.11.2019, <a href=\"https:\/\/dokumente-online.com\/haftungsfragen-rundum-telemedizin-im-krankenhaus-aerztlichen_1.html\">https:\/\/dokumente-online.com\/haftungsfragen-rundum-telemedizin-im-krankenhaus-aerztlichen_1.html<\/a><\/li>\n<\/ul>\n\n\n\n<p><strong>II.&nbsp;Amtshaftungsrecht<\/strong>:<\/p>\n\n\n\n<ul class=\"wp-block-list\">\n<li>Haftung an Wanderwegen in Feld,      Wald und Flur \u2013 zum Urteil des BGH vom 8. Oktober 2012 \u2013 VI ZR 311\/11\n<ul class=\"wp-block-list\">\n<li>NuR 2013, 537 &#8211; 548, <a href=\"https:\/\/link.springer.com\/article\/10.1007\/s10357-013-2492-4\">Haftung des Waldbesitzers f\u00fcr waldtypische Gefahren | SpringerLink<\/a><\/li>\n<\/ul>\n<\/li>\n<\/ul>\n\n\n\n<ul class=\"wp-block-list\">\n<li>Verkehrssicherungspflichten auf\n     Wald- und Wanderwegen,\n<ul class=\"wp-block-list\">\n<li>BADK-Info &nbsp;2010, 188 ff.<\/li>\n<\/ul>\n<\/li>\n\n\n\n<li>Kurzgutachten:\n     Sicherungsma\u00dfnahmen auf Waldwegen\n<ul class=\"wp-block-list\">\n<li>im Auftrage der\n      Arbeitsgemeinschaft&nbsp;&#8222;Runder Tisch&#8220;,<\/li>\n\n\n\n<li>GA Wald.pdf &nbsp; &nbsp;\n      &nbsp; &nbsp; &nbsp; &nbsp; &nbsp; &nbsp; &nbsp; &nbsp;&nbsp;&nbsp; <a href=\"http:\/\/www.kanzlei-bittner.eu\/mediapool\/129\/1298775\/data\/GA_Wald.pdf\" target=\"_blank\" rel=\"noreferrer noopener\">Download<\/a><\/li>\n<\/ul>\n<\/li>\n\n\n\n<li>Verkehrssicherungspflichten auf\n     Waldwegen,\n<ul class=\"wp-block-list\">\n<li>VersR 2009, 896 ff.<\/li>\n<\/ul>\n<\/li>\n\n\n\n<li>Neuere Rechtsentwicklung zu\n     Verkehrssicherungspflichten auf Waldwegen\n<ul class=\"wp-block-list\">\n<li>BADK-Info 2008, 186.<\/li>\n<\/ul>\n<\/li>\n<\/ul>\n\n\n\n<ul class=\"wp-block-list\">\n<li>Winterdienst auf Fahrbahnen &#8211; Haftungs- und\n     ordnungsrechtliche Auswirkungen der \u00c4nderung des \u00a7 2 Abs. 3 a StVO zur\n     Winterdiensttauglichkeit von Autoreifen auf den kommunalen Winterdienst,\n<ul class=\"wp-block-list\">\n<li>VersR 2007, 462 ff.<\/li>\n<\/ul>\n<\/li>\n\n\n\n<li>Winterdienst zugunsten von\n     Fahrradfahrern \u2013\n     gleichzeitig Anmerkung zu BGH, Urteil vom 9.10.2003,\n<ul class=\"wp-block-list\">\n<li>VersR 2004, 440 ff.<\/li>\n<\/ul>\n<\/li>\n\n\n\n<li>Stra\u00dfenverkehrssicherungspflichten,\n     &nbsp;Stra\u00dfe durch Wald \u2013 Baumkontrollen,\n<ul class=\"wp-block-list\">\n<li>GVV-Mitteilungen 1\/2002, V <\/li>\n<\/ul>\n<\/li>\n<\/ul>\n\n\n\n<p><strong>III. Bankrecht<\/strong>:<\/p>\n\n\n\n<ul class=\"wp-block-list\">\n<li>Aktuelle Schlaglichter zur      Haftung im Bankrecht 2010\n<ul class=\"wp-block-list\">\n<li>BADK Sonderdruck 2011, 1 &#8211; 45<\/li>\n\n\n\n<li>BADK-Info 2011, 19 &#8211; 41 + <\/li>\n<\/ul>\n<\/li>\n\n\n\n<li>Aktuelle Schlaglichter zur      Haftung im Bankrecht 2009\n<ul class=\"wp-block-list\">\n<li>BADK Sonderdruck 2010, 1 &#8211; 41<\/li>\n\n\n\n<li>BADK-Info 2010, 1 &#8211; 22 + 83 &#8211;       103<\/li>\n<\/ul>\n<\/li>\n\n\n\n<li>Aktuelle Schlaglichter zur      Haftung im Bankrecht 2008\n<ul class=\"wp-block-list\">\n<li>BADK Sonderdruck 2009, 1 &#8211; 42<\/li>\n\n\n\n<li>BADK-Info 2009, 18 &#8211; 37 + 71 &#8211;       93&nbsp;&nbsp;<\/li>\n<\/ul>\n<\/li>\n\n\n\n<li>Aktuelle Schlaglichter zur      Haftung im Bankrecht 2007\n<ul class=\"wp-block-list\">\n<li>BADK Sonderdruck 2008, 1 &#8211; 41<\/li>\n\n\n\n<li>BADK-Info 2008, 26 &#8211; 46 + 88 &#8211;       107<\/li>\n<\/ul>\n<\/li>\n\n\n\n<li>Aktuelle Schlaglichter zur      Haftung im Bankrecht 2006\n<ul class=\"wp-block-list\">\n<li>BADK-Sonderdruck 2007, 1 &#8211; 38<\/li>\n\n\n\n<li>BADK-Info 2007, 12 &#8211; 31 + 69 &#8211;       99<\/li>\n<\/ul>\n<\/li>\n\n\n\n<li>Aktuelle Schlaglichter zur      Haftung im Bankrecht 2005\n<ul class=\"wp-block-list\">\n<li>BADK-Sonderdruck 2006 nur auf       Anforderung<\/li>\n\n\n\n<li>BADK-Info 2006, 13 &#8211; 34, 84 &#8211;       105, 129 &#8211; 150 + 178 &#8211; 191<\/li>\n<\/ul>\n<\/li>\n\n\n\n<li>Aktuelle Schlaglichter zur      Haftung im Bankrecht 2004\n<ul class=\"wp-block-list\">\n<li>BADK-Sonderdruck 2005, 1 &#8211; 50<\/li>\n\n\n\n<li>BADK-Info 2005, 14 &#8211; 35 + 77 &#8211;       92<\/li>\n<\/ul>\n<\/li>\n\n\n\n<li>Aktuelle Schlaglichter zur      Haftung im Bankrecht 2003\n<ul class=\"wp-block-list\">\n<li>BADK-Sonderdruck 2004, 1 &#8211; 39<\/li>\n\n\n\n<li>BADK-Info 2004, 15 &#8211; 32 + 89 &#8211;       97<\/li>\n<\/ul>\n<\/li>\n\n\n\n<li>Aktuelle Schlaglichter zur      Haftung im Bankrecht 2002\n<ul class=\"wp-block-list\">\n<li>BADK-Sonderdruck 2003, 1 &#8211; 33<\/li>\n\n\n\n<li>BADK-Info 2003, S. 15 ff.,       Heft 2, 77 ff.<\/li>\n<\/ul>\n<\/li>\n\n\n\n<li>Aktuelle Schlaglichter aus der      Rechtsprechung zum Sparkassenrecht 2001\n<ul class=\"wp-block-list\">\n<li>BADK-Sonderdruck 2002, 1 &#8211; 29<\/li>\n\n\n\n<li>BADK-Info 2002, S. 10 ff., S.       66 ff. <\/li>\n<\/ul>\n<\/li>\n\n\n\n<li>Aktuelle Schlaglichter aus der      Rechtsprechung zum Sparkassenrecht 2000\n<ul class=\"wp-block-list\">\n<li>BADK-Sonderdruck 2001, 1 &#8211; 11<\/li>\n\n\n\n<li>BADK-Info 2001, S. 10 ff.<\/li>\n<\/ul>\n<\/li>\n<\/ul>\n\n\n\n<ul class=\"wp-block-list\">\n<li> Haftungsrechtliche Grundlagen      und versicherungsrechtliche Folgen der neuen Sonderbedingungen f\u00fcr das      ScheckrechtBADK 1995, 42 ff.       (Erstver\u00f6ffentlichung 15.6.1995)<br>VersicherungR 1996, 805 ff.<br>Die Sparkasse 1996, 139 ff.  Verwendet durch B\u00fclow&nbsp; WM       1996, 8 ff. nach Zusendung des Buchbesprechungsmanuskripts,       ver\u00f6ffentlicht in WM 1996, 888<\/li>\n\n\n\n<li>Buchbesprechung zu den      Kommentaren von B\u00fclow und Baumbach\/Hefermehl zum Wechsel- und Scheckrecht\n<ul class=\"wp-block-list\">\n<li>&nbsp;WM 1996, 888 ff.<\/li>\n<\/ul>\n<\/li>\n\n\n\n<li>Beratungsvertrag, Aufkl\u00e4rungspflichten,      Auskunft\n<ul class=\"wp-block-list\">\n<li>BADK 1996, 74ff.<\/li>\n<\/ul>\n<\/li>\n\n\n\n<li>Haftungsrechtliche Fragen in      Zusammenhang mit dem Geldw\u00e4schegesetz\n<ul class=\"wp-block-list\">\n<li>BADK 1995, 125 ff.<\/li>\n<\/ul>\n<\/li>\n<\/ul>\n\n\n\n<p><\/p>\n\n\n\n<h2 class=\"wp-block-heading\"><strong>Impressum<\/strong><\/h2>\n\n\n\n<p><strong>Inhaltlich\nverantwortlich:<\/strong><\/p>\n\n\n\n<p>Kanzlei Bittner, Rechtsanwalt und Mediator Ralf\nBittner, Lochnerstr. 7, 50226 Frechen<\/p>\n\n\n\n<p><strong>Umsatzsteueridentifikationsnummer<\/strong> nach Par. 27 a des\nUmsatzsteuergesetzes:<strong> <\/strong><\/p>\n\n\n\n<p>USt-IdNr.: DE283076410<\/p>\n\n\n\n<p><strong>Gesetzliche\nBerufsbezeichnung:<\/strong><\/p>\n\n\n\n<p><br>\nBerufstr\u00e4ger sind als\n&#8222;Rechtsanwalt&#8220; bzw. &#8222;Rechtsanw\u00e4ltin&#8220; in der Bundesrepublik\nDeutschland zugelassen.<\/p>\n\n\n\n<p><strong>Zust\u00e4ndige\nAufsichtsbeh\u00f6rde<\/strong>:<\/p>\n\n\n\n<p> Rechtsanwaltskammer K\u00f6ln<br> Riehler Str. 30 <br> 50668 K\u00f6ln <br> Tel.: 0221\/973010-0 <br> Fax: 0221\/973010-50 <br> E-Mail-Adresse: <\/p>\n\n\n\n<p><a href=\"mailto:kontakt@rak-koeln.de\">kontakt@rak-koeln.de<\/a> <\/p>\n\n\n\n<p><strong>Berufsrechtliche\nRegelungen:<\/strong><\/p>\n\n\n\n<p> Bundesrechtsanwaltsordnung (BRAO)<br> Rechtsanwaltsverg\u00fctungsgesetz (RVG)<br> Berufsordnung der Rechtsanw\u00e4lte (BORA)<br> Fachanwaltsordnung (FAO)<br> Berufsregeln der CCBE <\/p>\n\n\n\n<p>Die Regelungen sind verf\u00fcgbar auf den<\/p>\n\n\n\n<p><a href=\"http:\/\/www.brak.de\/seiten\/01.php\" target=\"_blank\" rel=\"noreferrer noopener\"><strong>Internetseiten der\nBundesrechtsanwaltskammer<\/strong><\/a><\/p>\n\n\n\n<p><strong>Haftpflichtversichert bei<br> Ergo<\/strong>, Nr. SV096016655<br> Versichert als Rechtsanwalt<\/p>\n\n\n\n<div style=\"height:100px\" aria-hidden=\"true\" class=\"wp-block-spacer\"><\/div>\n\n\n\n<div class=\"wp-block-columns is-layout-flex wp-container-core-columns-is-layout-9d6595d7 wp-block-columns-is-layout-flex\"><\/div>\n\n\n\n<div class=\"wp-block-columns is-layout-flex wp-container-core-columns-is-layout-9d6595d7 wp-block-columns-is-layout-flex\"><\/div>\n\n\n\n<div class=\"wp-block-columns is-layout-flex wp-container-core-columns-is-layout-9d6595d7 wp-block-columns-is-layout-flex\"><\/div>\n","protected":false},"excerpt":{"rendered":"<p>Mail: bittner@ra-bit.de. Telefon nur nach Anmeldung \u00fcber Email Kanzleianschrift: Lochnerstr. 7, 50226 Frechen Anmeldung nur per Email: bittner@ra-bit.de. Herzlich Willkommen auf meinen Internet-Seiten! Sie haben ein rechtliches Problem? Sie brauchen eine Rechtsberatung? Ich bin auf Gro\u00dfsch\u00e4den spezialisiert als mit den Schwerpunkten Haftungs-, Medizin-, Verkehrs- und Versicherungsrecht. Schwerpunkt meiner T\u00e4tigkeit liegt ausschlie\u00dflich in der Abwicklung von [&hellip;]<\/p>\n","protected":false},"author":1,"featured_media":6,"parent":0,"menu_order":0,"comment_status":"closed","ping_status":"closed","template":"","meta":{"footnotes":""},"class_list":["post-2","page","type-page","status-publish","has-post-thumbnail","hentry"],"_links":{"self":[{"href":"https:\/\/ra-bit.de\/index.php?rest_route=\/wp\/v2\/pages\/2","targetHints":{"allow":["GET"]}}],"collection":[{"href":"https:\/\/ra-bit.de\/index.php?rest_route=\/wp\/v2\/pages"}],"about":[{"href":"https:\/\/ra-bit.de\/index.php?rest_route=\/wp\/v2\/types\/page"}],"author":[{"embeddable":true,"href":"https:\/\/ra-bit.de\/index.php?rest_route=\/wp\/v2\/users\/1"}],"replies":[{"embeddable":true,"href":"https:\/\/ra-bit.de\/index.php?rest_route=%2Fwp%2Fv2%2Fcomments&post=2"}],"version-history":[{"count":39,"href":"https:\/\/ra-bit.de\/index.php?rest_route=\/wp\/v2\/pages\/2\/revisions"}],"predecessor-version":[{"id":92,"href":"https:\/\/ra-bit.de\/index.php?rest_route=\/wp\/v2\/pages\/2\/revisions\/92"}],"wp:featuredmedia":[{"embeddable":true,"href":"https:\/\/ra-bit.de\/index.php?rest_route=\/wp\/v2\/media\/6"}],"wp:attachment":[{"href":"https:\/\/ra-bit.de\/index.php?rest_route=%2Fwp%2Fv2%2Fmedia&parent=2"}],"curies":[{"name":"wp","href":"https:\/\/api.w.org\/{rel}","templated":true}]}}